{"id":1524,"date":"2022-08-20T10:01:11","date_gmt":"2022-08-20T10:01:11","guid":{"rendered":"http:\/\/cai-autocaravanismo.pt\/?page_id=1524"},"modified":"2022-08-20T10:01:11","modified_gmt":"2022-08-20T10:01:11","slug":"plano-de-actividades-do-cai-2014","status":"publish","type":"page","link":"http:\/\/cai-autocaravanismo.pt\/?page_id=1524","title":{"rendered":"PLANO DE ACTIVIDADES DO CAI &#8211; 2014"},"content":{"rendered":"\n<p>Decorridos 6 meses sobre o in\u00edcio do exerc\u00edcio dos actuais \u00d3rg\u00e3os Sociais do Clube, a Direc\u00e7\u00e3o prop\u00f5e-se prosseguir a sua ac\u00e7\u00e3o assente em 3 eixos fundamentais:<\/p>\n\n\n\n<ul class=\"wp-block-list\"><li>O Eixo Associativo<\/li><li>O Eixo do Lazer<\/li><li>O Eixo das Parcerias e Rela\u00e7\u00f5es Externas.<\/li><\/ul>\n\n\n\n<p><strong>O EIXO ASSOCIATIVO<\/strong><\/p>\n\n\n\n<p>Neste do m\u00ednio, a Direc\u00e7\u00e3o ir\u00e1 promover o incremento e consolida\u00e7\u00e3o da vida interna do Clube, propondo-se designadamente:<\/p>\n\n\n\n<ol class=\"wp-block-list\" type=\"a\"><li>Procurar mobilizar todos os S\u00f3cios para a nova din\u00e2mica do Clube e motiv\u00e1-los para uma maior participa\u00e7\u00e3o e coes\u00e3o entre todos.<\/li><li>Angariar novos S\u00f3cios para o Clube e proceder ao seu acolhimento e integra\u00e7\u00e3o s\u00f3cio-relacional no Grupo.<\/li><li>Ponderar e discutir aos mais diferentes n\u00edveis a decis\u00e3o de candidatura \u00e0 reintegra\u00e7\u00e3o do Clube na Federa\u00e7\u00e3o Portuguesa de Autocaravanismo, da qual o CAI foi S\u00f3cio Fundador.<\/li><li>Criar objectos e pe\u00e7as pr\u00f3prios do CAI, tais como t-shirts, bon\u00e9s, porta-chaves e outros brindes que reforcem a marca identit\u00e1ria CAI e possam ao mesmo tempo contribuir para a angaria\u00e7\u00e3o de fundos para o Clube.<\/li><li>Manter e dinamizar o site do CAI.<\/li><\/ol>\n\n\n\n<p><strong>O EIXO DO LAZER<\/strong><\/p>\n\n\n\n<p>Neste vector, a Direc\u00e7\u00e3o prop\u00f5e-se, com a colabora\u00e7\u00e3o de todos os S\u00f3cios, realizar um conjunto de Passeios\/Encontros no decurso do ano, a saber:<\/p>\n\n\n\n<ol class=\"wp-block-list\" type=\"a\"><li>No m\u00eas de Fevereiro, um Encontro destinado a assinalar o 4\u00ba Anivers\u00e1rio do CAI.<\/li><li>Em Mar\u00e7o, um Encontro\/Conv\u00edvio, no qual procederemos \u00e0 Assembleia Geral ordin\u00e1ria referente \u00e0 discuss\u00e3o e aprova\u00e7\u00e3o do Relat\u00f3rio e Contas relativo a 2013.<\/li><li>No m\u00eas de Abril, um Passeio de explora\u00e7\u00e3o cultural e paisag\u00edstica.<\/li><li>Em Junho, um Passeio\/Encontro.<\/li><\/ol>\n\n\n\n<ul class=\"wp-block-list\"><li>Em Setembro, um Passeio\/ reencontro p\u00f3s-f\u00e9rias.<\/li><li>No m\u00eas de Novembro, um Encontro\/Conv\u00edvio, com a realiza\u00e7\u00e3o da Assembleia Geral destinada \u00e0 discuss\u00e3o e aprova\u00e7\u00e3o do Plano de Actividades e Or\u00e7amento para 2015.<\/li><\/ul>\n\n\n\n<p>Para al\u00e9m destes eventos aqui delineados, a Direc\u00e7\u00e3o prop\u00f5e-se aderir e promover\u00e1 iniciativas para as quais seja convidado e que se inscrevam no \u00e2mbito dos objectivos do Clube, como seja a inaugura\u00e7\u00e3o de \u00e1reas de servi\u00e7o.<\/p>\n\n\n\n<p><strong>O EIXO DAS PARCERIAS E RELA\u00c7\u00d5ES EXTERNAS<\/strong><\/p>\n\n\n\n<p>A Direc\u00e7\u00e3o, no quadro dos seus objectivos e do Plano de Ac\u00e7\u00e3o a que se prop\u00f4s, ir\u00e1 empenhar-se no estabelecimento de parcerias:<\/p>\n\n\n\n<ol class=\"wp-block-list\" type=\"a\"><li>Com a C\u00e2mara Municipal de Coruche, na qual o Clube passa a estar sediado, assumindo-se o CAI como uma organiza\u00e7\u00e3o dinamizadora e disseminadora da riqueza cultural e tur\u00edstica do Concelho.<\/li><li>Com as diferentes Autarquias do pa\u00eds, tendo em vista a cria\u00e7\u00e3o de novas \u00e1reas de servi\u00e7os e a facilita\u00e7\u00e3o da riqueza cultural e paisag\u00edstica de cada regi\u00e3o.<\/li><li>Com as Superf\u00edcies Comerciais, parceiros interessados em captar novos clientes, podendo oferecer, em contrapartida, condi\u00e7\u00f5es de higiene e abastecimento ao autocaravanismo, aderindo \u00e0 cria\u00e7\u00e3o da respectiva \u00e1rea de servi\u00e7o.<\/li><li>Com as Empresas de Agro-turismo, propondo-lhes a cria\u00e7\u00e3o de \u00e1reas de servi\u00e7o no meio ambiental e ecol\u00f3gico de excel\u00eancia das suas Quintas, tendo como contrapartida a promo\u00e7\u00e3o e venda dos seus produtos.<\/li><li>Com outras Entidades da \u00e1rea da manuten\u00e7\u00e3o, seguros e venda de produtos para autocaravanas, no sentido do estabelecimento de protocolos que assegurem vantagens aos S\u00f3cios do CAI.<\/li><\/ol>\n\n\n\n<p>A Direc\u00e7\u00e3o<\/p>\n","protected":false},"excerpt":{"rendered":"<p>Decorridos 6 meses sobre o in\u00edcio do exerc\u00edcio dos actuais \u00d3rg\u00e3os Sociais do Clube, a Direc\u00e7\u00e3o prop\u00f5e-se prosseguir a sua ac\u00e7\u00e3o assente em 3 eixos fundamentais: O Eixo Associativo O Eixo do Lazer O Eixo das Parcerias e Rela\u00e7\u00f5es Externas. O EIXO ASSOCIATIVO Neste do m\u00ednio, a Direc\u00e7\u00e3o ir\u00e1 promover o incremento e consolida\u00e7\u00e3o da &hellip; <a href=\"http:\/\/cai-autocaravanismo.pt\/?page_id=1524\" class=\"more-link\">Continuar a ler <span class=\"screen-reader-text\">PLANO DE ACTIVIDADES DO CAI &#8211; 2014<\/span><\/a><\/p>\n","protected":false},"author":1,"featured_media":0,"parent":0,"menu_order":0,"comment_status":"closed","ping_status":"closed","template":"","meta":{"footnotes":""},"class_list":["post-1524","page","type-page","status-publish","hentry"],"_links":{"self":[{"href":"http:\/\/cai-autocaravanismo.pt\/index.php?rest_route=\/wp\/v2\/pages\/1524","targetHints":{"allow":["GET"]}}],"collection":[{"href":"http:\/\/cai-autocaravanismo.pt\/index.php?rest_route=\/wp\/v2\/pages"}],"about":[{"href":"http:\/\/cai-autocaravanismo.pt\/index.php?rest_route=\/wp\/v2\/types\/page"}],"author":[{"embeddable":true,"href":"http:\/\/cai-autocaravanismo.pt\/index.php?rest_route=\/wp\/v2\/users\/1"}],"replies":[{"embeddable":true,"href":"http:\/\/cai-autocaravanismo.pt\/index.php?rest_route=%2Fwp%2Fv2%2Fcomments&post=1524"}],"version-history":[{"count":1,"href":"http:\/\/cai-autocaravanismo.pt\/index.php?rest_route=\/wp\/v2\/pages\/1524\/revisions"}],"predecessor-version":[{"id":1525,"href":"http:\/\/cai-autocaravanismo.pt\/index.php?rest_route=\/wp\/v2\/pages\/1524\/revisions\/1525"}],"wp:attachment":[{"href":"http:\/\/cai-autocaravanismo.pt\/index.php?rest_route=%2Fwp%2Fv2%2Fmedia&parent=1524"}],"curies":[{"name":"wp","href":"https:\/\/api.w.org\/{rel}","templated":true}]}}