{"id":1516,"date":"2022-08-20T09:27:20","date_gmt":"2022-08-20T09:27:20","guid":{"rendered":"http:\/\/cai-autocaravanismo.pt\/?page_id=1516"},"modified":"2022-08-20T09:27:20","modified_gmt":"2022-08-20T09:27:20","slug":"plano-de-actividades-do-cai-2016","status":"publish","type":"page","link":"http:\/\/cai-autocaravanismo.pt\/?page_id=1516","title":{"rendered":"Plano de Actividades do CAI &#8211; 2016"},"content":{"rendered":"\n<p>A Direc\u00e7\u00e3o prop\u00f5e-se prosseguir a sua ac\u00e7\u00e3o assente em 3 eixos fundamentais:<\/p>\n\n\n\n<ul class=\"wp-block-list\"><li>O Eixo Associativo<\/li><li>O Eixo do Lazer<\/li><li>O Eixo das Parcerias e Rela\u00e7\u00f5es Externas.<\/li><\/ul>\n\n\n\n<p><strong>O EIXO ASSOCIATIVO<\/strong><\/p>\n\n\n\n<p>Neste dom\u00ednio, a Direc\u00e7\u00e3o ir\u00e1 promover o incremento e consolida\u00e7\u00e3o da vida interna do Clube, propondo-se designadamente:<\/p>\n\n\n\n<ol class=\"wp-block-list\" type=\"a\"><li>Continuar a procurar mobilizar todos os S\u00f3cios para a din\u00e2mica do Clube e motiv\u00e1-los para sua participa\u00e7\u00e3o e coes\u00e3o entre todos.<\/li><li>Angariar novos S\u00f3cios para o Clube e proceder ao seu acolhimento e integra\u00e7\u00e3o s\u00f3cio-relacional no Grupo (Cujo o objectivo da Direc\u00e7\u00e3o \u00e9 as 100 autocaravanas, at\u00e9 ao final do ano).<\/li><li>Continuar a participar e ajudar na discuss\u00e3o dos assuntos da Federa\u00e7\u00e3o Portuguesa de Autocaravanismo, no sentido do seu fortalecimento.<\/li><li>Criar objectos e pe\u00e7as pr\u00f3prios do CAI, tais como t-shirts, bon\u00e9s, porta-chaves e outros brindes que reforcem a marca identit\u00e1ria CAI e possam ao mesmo tempo contribuir para a angaria\u00e7\u00e3o de fundos para o Clube.<\/li><li>Manter e dinamizar o site, facebook e canal Youtube do CAI.<\/li><\/ol>\n\n\n\n<p><strong>O EIXO DO LAZER<\/strong><\/p>\n\n\n\n<p>Neste vector, a Direc\u00e7\u00e3o prop\u00f5e-se, com a colabora\u00e7\u00e3o de todos os S\u00f3cios, realizar um conjunto de Passeios\/Encontros no decurso do ano, a saber:<\/p>\n\n\n\n<ol class=\"wp-block-list\" type=\"a\"><li>No m\u00eas de Fevereiro, um Encontro destinado a assinalar o 6\u00ba Anivers\u00e1rio do CAI, em Arruda, dias 26, 27 e 28 de Fevereiro<\/li><li>Em Mar\u00e7o, Assembleia Geral ordin\u00e1ria referente \u00e0 discuss\u00e3o e aprova\u00e7\u00e3o do Relat\u00f3rio e Contas relativo a 2015. (26 ou 27 de Mar\u00e7o)<\/li><li>No m\u00eas de Abril, um Passeio\/Encontro, 22, 23, 24 e 25, (Algarve)<\/li><li>Em Junho, um Passeio\/Encontro. 9, 10, 11 e 12 de Junho (Barril d\u2019Alva)<\/li><\/ol>\n\n\n\n<ol class=\"wp-block-list\" type=\"a\"><li>Em Setembro, um Passeio\/ reencontro p\u00f3s-f\u00e9rias. (Marinha Grande\/ Leiria) 30 de Setembro 1 e 2 de Outubro.<\/li><li>No m\u00eas de Novembro, um Encontro\/Conv\u00edvio, com a realiza\u00e7\u00e3o da Assembleia Geral, destinada \u00e0 discuss\u00e3o e aprova\u00e7\u00e3o do Plano de Actividades e Or\u00e7amento para 2017. (Montemor-o-Novo) 18 a 20 de Novembro<\/li><li>Em Dezembro, Encontro para passagem de ano. (Coruche) 30 a 1 de Janeiro.<\/li><\/ol>\n\n\n\n<p>Para al\u00e9m destes eventos aqui delineados, a Direc\u00e7\u00e3o prop\u00f5e-se aderir a &nbsp;iniciativas para as quais seja convidado e que se inscrevam no \u00e2mbito dos objectivos do Clube, como seja a inaugura\u00e7\u00e3o de \u00e1reas de servi\u00e7o, e parcerias com a C\u00e2mara Municipal de Coruche.<\/p>\n\n\n\n<p><strong>O EIXO DAS PARCERIAS E RELA\u00c7\u00d5ES EXTERNAS<\/strong><\/p>\n\n\n\n<p>A Direc\u00e7\u00e3o, no quadro dos seus objectivos e do Plano de Ac\u00e7\u00e3o a que se prop\u00f4s, ir\u00e1 empenhar-se no estabelecimento de parcerias:<\/p>\n\n\n\n<ul class=\"wp-block-list\" type=\"a\"><li>Com a C\u00e2mara Municipal de Coruche, na qual o Clube est\u00e1 sediado, assumindo-se o CAI como uma organiza\u00e7\u00e3o dinamizadora e disseminadora da riqueza cultural e tur\u00edstica do Concelho.<\/li><li>Com as diferentes Autarquias do pa\u00eds, tendo em vista a cria\u00e7\u00e3o de novas \u00e1reas de servi\u00e7os e a facilita\u00e7\u00e3o da riqueza cultural e paisag\u00edstica de cada regi\u00e3o.<\/li><li>Com as Superf\u00edcies Comerciais, parceiros interessados em captar novos clientes, podendo oferecer, em contrapartida, condi\u00e7\u00f5es de higiene e abastecimento ao autocaravanismo, aderindo \u00e0 cria\u00e7\u00e3o da respectiva \u00e1rea de servi\u00e7o.<\/li><li>Com as Empresas de Agro-turismo, propondo-lhes a cria\u00e7\u00e3o de \u00e1reas de servi\u00e7o no meio ambiental e ecol\u00f3gico de excel\u00eancia das suas Quintas, tendo como contrapartida a promo\u00e7\u00e3o e venda dos seus produtos.<\/li><li>Com outras Entidades da \u00e1rea da manuten\u00e7\u00e3o, seguros e venda de produtos para autocaravanas, no sentido do estabelecimento de protocolos que assegurem vantagens aos S\u00f3cios do CAI.<\/li><\/ul>\n\n\n\n<p>&nbsp;A Direc\u00e7\u00e3o<\/p>\n","protected":false},"excerpt":{"rendered":"<p>A Direc\u00e7\u00e3o prop\u00f5e-se prosseguir a sua ac\u00e7\u00e3o assente em 3 eixos fundamentais: O Eixo Associativo O Eixo do Lazer O Eixo das Parcerias e Rela\u00e7\u00f5es Externas. O EIXO ASSOCIATIVO Neste dom\u00ednio, a Direc\u00e7\u00e3o ir\u00e1 promover o incremento e consolida\u00e7\u00e3o da vida interna do Clube, propondo-se designadamente: Continuar a procurar mobilizar todos os S\u00f3cios para a &hellip; <a href=\"http:\/\/cai-autocaravanismo.pt\/?page_id=1516\" class=\"more-link\">Continuar a ler <span class=\"screen-reader-text\">Plano de Actividades do CAI &#8211; 2016<\/span><\/a><\/p>\n","protected":false},"author":1,"featured_media":0,"parent":0,"menu_order":0,"comment_status":"closed","ping_status":"closed","template":"","meta":{"footnotes":""},"class_list":["post-1516","page","type-page","status-publish","hentry"],"_links":{"self":[{"href":"http:\/\/cai-autocaravanismo.pt\/index.php?rest_route=\/wp\/v2\/pages\/1516","targetHints":{"allow":["GET"]}}],"collection":[{"href":"http:\/\/cai-autocaravanismo.pt\/index.php?rest_route=\/wp\/v2\/pages"}],"about":[{"href":"http:\/\/cai-autocaravanismo.pt\/index.php?rest_route=\/wp\/v2\/types\/page"}],"author":[{"embeddable":true,"href":"http:\/\/cai-autocaravanismo.pt\/index.php?rest_route=\/wp\/v2\/users\/1"}],"replies":[{"embeddable":true,"href":"http:\/\/cai-autocaravanismo.pt\/index.php?rest_route=%2Fwp%2Fv2%2Fcomments&post=1516"}],"version-history":[{"count":1,"href":"http:\/\/cai-autocaravanismo.pt\/index.php?rest_route=\/wp\/v2\/pages\/1516\/revisions"}],"predecessor-version":[{"id":1517,"href":"http:\/\/cai-autocaravanismo.pt\/index.php?rest_route=\/wp\/v2\/pages\/1516\/revisions\/1517"}],"wp:attachment":[{"href":"http:\/\/cai-autocaravanismo.pt\/index.php?rest_route=%2Fwp%2Fv2%2Fmedia&parent=1516"}],"curies":[{"name":"wp","href":"https:\/\/api.w.org\/{rel}","templated":true}]}}