{"id":1513,"date":"2022-08-20T09:24:12","date_gmt":"2022-08-20T09:24:12","guid":{"rendered":"http:\/\/cai-autocaravanismo.pt\/?page_id=1513"},"modified":"2022-08-20T09:24:12","modified_gmt":"2022-08-20T09:24:12","slug":"plano-de-actividades-do-cai-2021","status":"publish","type":"page","link":"http:\/\/cai-autocaravanismo.pt\/?page_id=1513","title":{"rendered":"Plano de Actividades do CAI &#8211; 2021"},"content":{"rendered":"\n<p>A Direc\u00e7\u00e3o prop\u00f5e-se prosseguir a sua ac\u00e7\u00e3o assente em 3 eixos fundamentais:<\/p>\n\n\n\n<ul class=\"wp-block-list\"><li>O Eixo Associativo<\/li><li>O Eixo do Lazer<\/li><li>O Eixo das Parcerias e Rela\u00e7\u00f5es Externas.<\/li><\/ul>\n\n\n\n<p><strong>O EIXO ASSOCIATIVO<\/strong><\/p>\n\n\n\n<p>Neste dom\u00ednio, a Direc\u00e7\u00e3o ir\u00e1 promover o incremento e consolida\u00e7\u00e3o da vida interna do Clube, propondo-se designadamente:<\/p>\n\n\n\n<ol class=\"wp-block-list\" type=\"a\"><li>Continuar a procurar mobilizar os S\u00f3cios para a din\u00e2mica do Clube e motiv\u00e1-los para sua participa\u00e7\u00e3o e coes\u00e3o entre todos.<\/li><li>Continuaremos a participar e ajudar na discuss\u00e3o dos assuntos da Federa\u00e7\u00e3o Portuguesa de Autocaravanismo, no sentido do seu fortalecimento.<\/li><li>Manter e dinamizar o site e facebook CAI.<\/li><\/ol>\n\n\n\n<p><strong>O EIXO DO LAZER<\/strong><\/p>\n\n\n\n<p>Neste vector, a Direc\u00e7\u00e3o prop\u00f5e-se, realizar Passeios\/Encontros no decurso do ano, caso as condi\u00e7\u00f5es sanit\u00e1rias o permitam, e mediante as regras da Direc\u00e7\u00e3o Geral de Sa\u00fade.<\/p>\n\n\n\n<p>Estamos a equacionar retomar as actividades presenciais em Setembro para realizar as duas Assembleias em falta.<\/p>\n\n\n\n<p>N\u00e3o iremos j\u00e1 disponibilizar datas nem locais, porque como todos sabem quase de 15 em 15 dias as regras se alteram. A raz\u00e3o para n\u00e3o equacionarmos a retoma das actividades mais cedo, \u00e9 o receio e o facto de queremos ser cautelosos para n\u00e3o sermos uma fonte de cont\u00e1gio do v\u00edrus.<\/p>\n\n\n\n<p>Alertamos ainda todos os nossos s\u00f3cios de que o ano de 2021, \u00e9 ano de processo eleitoral no CAI.<\/p>\n\n\n\n<p><strong>O EIXO DAS PARCERIAS E RELA\u00c7\u00d5ES EXTERNAS<\/strong><\/p>\n\n\n\n<p>Neste eixo a Direc\u00e7\u00e3o prop\u00f5e-se aderir a iniciativas para as quais seja convidado e que se inscrevam no \u00e2mbito dos objectivos do Clube, como seja a inaugura\u00e7\u00e3o de \u00e1reas de servi\u00e7o, e parcerias com a C\u00e2mara Municipal de Coruche e FPA \u2013 Federa\u00e7\u00e3o Portuguesa de Autocaravanismo, e com todas as entidades que assegurem vantagens para o autocaravanismo.&nbsp;&nbsp;&nbsp;&nbsp;&nbsp;&nbsp;&nbsp;&nbsp;&nbsp;&nbsp;&nbsp;&nbsp;&nbsp;&nbsp;&nbsp;&nbsp;&nbsp;&nbsp;&nbsp;&nbsp;&nbsp;&nbsp;&nbsp;&nbsp;&nbsp;&nbsp;&nbsp;&nbsp;&nbsp;&nbsp;&nbsp;&nbsp;&nbsp;&nbsp;&nbsp;&nbsp;&nbsp;&nbsp;&nbsp;&nbsp;&nbsp;&nbsp;&nbsp;&nbsp;&nbsp;&nbsp;&nbsp;&nbsp;&nbsp;&nbsp;&nbsp;&nbsp;&nbsp;&nbsp;&nbsp;&nbsp;&nbsp;&nbsp;&nbsp;&nbsp;&nbsp;&nbsp;&nbsp;&nbsp;&nbsp;&nbsp;&nbsp;<\/p>\n\n\n\n<p>&nbsp;A Direc\u00e7\u00e3o<\/p>\n","protected":false},"excerpt":{"rendered":"<p>A Direc\u00e7\u00e3o prop\u00f5e-se prosseguir a sua ac\u00e7\u00e3o assente em 3 eixos fundamentais: O Eixo Associativo O Eixo do Lazer O Eixo das Parcerias e Rela\u00e7\u00f5es Externas. O EIXO ASSOCIATIVO Neste dom\u00ednio, a Direc\u00e7\u00e3o ir\u00e1 promover o incremento e consolida\u00e7\u00e3o da vida interna do Clube, propondo-se designadamente: Continuar a procurar mobilizar os S\u00f3cios para a din\u00e2mica &hellip; <a href=\"http:\/\/cai-autocaravanismo.pt\/?page_id=1513\" class=\"more-link\">Continuar a ler <span class=\"screen-reader-text\">Plano de Actividades do CAI &#8211; 2021<\/span><\/a><\/p>\n","protected":false},"author":1,"featured_media":0,"parent":0,"menu_order":0,"comment_status":"closed","ping_status":"closed","template":"","meta":{"footnotes":""},"class_list":["post-1513","page","type-page","status-publish","hentry"],"_links":{"self":[{"href":"http:\/\/cai-autocaravanismo.pt\/index.php?rest_route=\/wp\/v2\/pages\/1513","targetHints":{"allow":["GET"]}}],"collection":[{"href":"http:\/\/cai-autocaravanismo.pt\/index.php?rest_route=\/wp\/v2\/pages"}],"about":[{"href":"http:\/\/cai-autocaravanismo.pt\/index.php?rest_route=\/wp\/v2\/types\/page"}],"author":[{"embeddable":true,"href":"http:\/\/cai-autocaravanismo.pt\/index.php?rest_route=\/wp\/v2\/users\/1"}],"replies":[{"embeddable":true,"href":"http:\/\/cai-autocaravanismo.pt\/index.php?rest_route=%2Fwp%2Fv2%2Fcomments&post=1513"}],"version-history":[{"count":1,"href":"http:\/\/cai-autocaravanismo.pt\/index.php?rest_route=\/wp\/v2\/pages\/1513\/revisions"}],"predecessor-version":[{"id":1514,"href":"http:\/\/cai-autocaravanismo.pt\/index.php?rest_route=\/wp\/v2\/pages\/1513\/revisions\/1514"}],"wp:attachment":[{"href":"http:\/\/cai-autocaravanismo.pt\/index.php?rest_route=%2Fwp%2Fv2%2Fmedia&parent=1513"}],"curies":[{"name":"wp","href":"https:\/\/api.w.org\/{rel}","templated":true}]}}